{"id":200,"date":"2024-06-20T13:27:30","date_gmt":"2024-06-20T13:27:30","guid":{"rendered":"https:\/\/archivosociologiacritica.org\/?page_id=200"},"modified":"2024-10-30T14:00:46","modified_gmt":"2024-10-30T14:00:46","slug":"autores-as","status":"publish","type":"page","link":"https:\/\/archivosociologiacritica.org\/index.php\/autores-as\/","title":{"rendered":"Autores\/as"},"content":{"rendered":"\n<p><\/p>\n\n\n\n<p>A continuaci\u00f3n recogemos algunos\/as autores\/as (por orden alfab\u00e9tico de apellido) sobre los que hay contenidos espec\u00edficos en el Archivo de Sociolog\u00eda Cr\u00edtica (ASC). Iremos ampliando este listado con el tiempo.<\/p>\n\n\n\n<p><\/p>\n\n\n\n<div class=\"wp-block-media-text is-stacked-on-mobile\" style=\"grid-template-columns:15% auto\"><figure class=\"wp-block-media-text__media\"><img decoding=\"async\" width=\"200\" height=\"133\" src=\"http:\/\/archivosociologiacritica.org\/wp-content\/uploads\/2024\/03\/descarga.jpg\" alt=\"\" class=\"wp-image-224 size-full\"\/><\/figure><div class=\"wp-block-media-text__content\">\n<p><strong>Colectivo Io\u00e9: Carlos Pereda, Miguel \u00c1ngel de Prada y Walter Actis<\/strong><\/p>\n\n\n\n<p>Entradas relacionadas en el <a href=\"https:\/\/archivosociologiacritica.org\/index.php\/tag\/colectivo-ioe-2\/\">ASC<\/a>.<\/p>\n\n\n\n<p>Fondo Documental del Colectivo IOE (en construcci\u00f3n, accesible <a href=\"https:\/\/www.colectivoioe.org\/\">aqu\u00ed<\/a>).<\/p>\n<\/div><\/div>\n\n\n\n<div class=\"wp-block-media-text is-stacked-on-mobile\" style=\"grid-template-columns:15% auto\"><figure class=\"wp-block-media-text__media\"><img fetchpriority=\"high\" decoding=\"async\" width=\"1024\" height=\"950\" src=\"https:\/\/archivosociologiacritica.org\/wp-content\/uploads\/2024\/10\/Captura-de-pantalla-2024-10-30-a-las-13.40.35-1024x950.png\" alt=\"\" class=\"wp-image-320 size-full\" srcset=\"https:\/\/archivosociologiacritica.org\/wp-content\/uploads\/2024\/10\/Captura-de-pantalla-2024-10-30-a-las-13.40.35-1024x950.png 1024w, https:\/\/archivosociologiacritica.org\/wp-content\/uploads\/2024\/10\/Captura-de-pantalla-2024-10-30-a-las-13.40.35-300x278.png 300w, https:\/\/archivosociologiacritica.org\/wp-content\/uploads\/2024\/10\/Captura-de-pantalla-2024-10-30-a-las-13.40.35-768x712.png 768w, https:\/\/archivosociologiacritica.org\/wp-content\/uploads\/2024\/10\/Captura-de-pantalla-2024-10-30-a-las-13.40.35-1536x1425.png 1536w, https:\/\/archivosociologiacritica.org\/wp-content\/uploads\/2024\/10\/Captura-de-pantalla-2024-10-30-a-las-13.40.35-1320x1224.png 1320w, https:\/\/archivosociologiacritica.org\/wp-content\/uploads\/2024\/10\/Captura-de-pantalla-2024-10-30-a-las-13.40.35.png 1904w\" sizes=\"(max-width: 1024px) 100vw, 1024px\" \/><\/figure><div class=\"wp-block-media-text__content\">\n<p><strong>Fernando Conde<\/strong><\/p>\n\n\n\n<p>Entradas relacionadas en el <a href=\"https:\/\/archivosociologiacritica.org\/index.php\/tag\/fernando-conde\/\">ASC<\/a>.<\/p>\n<\/div><\/div>\n\n\n\n<div class=\"wp-block-media-text is-stacked-on-mobile\" style=\"grid-template-columns:15% auto\"><figure class=\"wp-block-media-text__media\"><img decoding=\"async\" width=\"1024\" height=\"916\" src=\"https:\/\/archivosociologiacritica.org\/wp-content\/uploads\/2024\/10\/Captura-de-pantalla-2024-10-30-a-las-13.48.41-1024x916.png\" alt=\"\" class=\"wp-image-327 size-full\" srcset=\"https:\/\/archivosociologiacritica.org\/wp-content\/uploads\/2024\/10\/Captura-de-pantalla-2024-10-30-a-las-13.48.41-1024x916.png 1024w, https:\/\/archivosociologiacritica.org\/wp-content\/uploads\/2024\/10\/Captura-de-pantalla-2024-10-30-a-las-13.48.41-300x268.png 300w, https:\/\/archivosociologiacritica.org\/wp-content\/uploads\/2024\/10\/Captura-de-pantalla-2024-10-30-a-las-13.48.41-768x687.png 768w, https:\/\/archivosociologiacritica.org\/wp-content\/uploads\/2024\/10\/Captura-de-pantalla-2024-10-30-a-las-13.48.41-1320x1181.png 1320w, https:\/\/archivosociologiacritica.org\/wp-content\/uploads\/2024\/10\/Captura-de-pantalla-2024-10-30-a-las-13.48.41.png 1349w\" sizes=\"(max-width: 1024px) 100vw, 1024px\" \/><\/figure><div class=\"wp-block-media-text__content\">\n<p><strong>Ignacio Fern\u00e1ndez de Castro<\/strong><\/p>\n\n\n\n<p>Entradas relacionadas en el <a href=\"https:\/\/archivosociologiacritica.org\/index.php\/tag\/fernandez-de-castro\/\">ASC<\/a>.<\/p>\n<\/div><\/div>\n\n\n\n<div class=\"wp-block-media-text is-stacked-on-mobile\" style=\"grid-template-columns:15% auto\"><figure class=\"wp-block-media-text__media\"><img loading=\"lazy\" decoding=\"async\" width=\"1024\" height=\"941\" src=\"https:\/\/archivosociologiacritica.org\/wp-content\/uploads\/2024\/10\/Captura-de-pantalla-2024-10-30-a-las-13.50.27-1024x941.png\" alt=\"\" class=\"wp-image-328 size-full\" srcset=\"https:\/\/archivosociologiacritica.org\/wp-content\/uploads\/2024\/10\/Captura-de-pantalla-2024-10-30-a-las-13.50.27-1024x941.png 1024w, https:\/\/archivosociologiacritica.org\/wp-content\/uploads\/2024\/10\/Captura-de-pantalla-2024-10-30-a-las-13.50.27-300x276.png 300w, https:\/\/archivosociologiacritica.org\/wp-content\/uploads\/2024\/10\/Captura-de-pantalla-2024-10-30-a-las-13.50.27-768x706.png 768w, https:\/\/archivosociologiacritica.org\/wp-content\/uploads\/2024\/10\/Captura-de-pantalla-2024-10-30-a-las-13.50.27-1536x1412.png 1536w, https:\/\/archivosociologiacritica.org\/wp-content\/uploads\/2024\/10\/Captura-de-pantalla-2024-10-30-a-las-13.50.27-1320x1213.png 1320w, https:\/\/archivosociologiacritica.org\/wp-content\/uploads\/2024\/10\/Captura-de-pantalla-2024-10-30-a-las-13.50.27.png 1940w\" sizes=\"(max-width: 1024px) 100vw, 1024px\" \/><\/figure><div class=\"wp-block-media-text__content\">\n<p><strong>Carmen Elejabeitia<\/strong><\/p>\n\n\n\n<p>Entradas relacionadas en el <a href=\"https:\/\/archivosociologiacritica.org\/index.php\/tag\/carmen-elejabeitia\/\">ASC.<\/a><\/p>\n<\/div><\/div>\n\n\n\n<div class=\"wp-block-media-text is-stacked-on-mobile\" style=\"grid-template-columns:15% auto\"><figure class=\"wp-block-media-text__media\"><img loading=\"lazy\" decoding=\"async\" width=\"319\" height=\"303\" src=\"http:\/\/archivosociologiacritica.org\/wp-content\/uploads\/2024\/10\/gaviria-copia.jpg\" alt=\"\" class=\"wp-image-330 size-full\" srcset=\"https:\/\/archivosociologiacritica.org\/wp-content\/uploads\/2024\/10\/gaviria-copia.jpg 319w, https:\/\/archivosociologiacritica.org\/wp-content\/uploads\/2024\/10\/gaviria-copia-300x285.jpg 300w\" sizes=\"(max-width: 319px) 100vw, 319px\" \/><\/figure><div class=\"wp-block-media-text__content\">\n<p><strong>Mario Gaviria<\/strong><\/p>\n\n\n\n<p><a href=\"https:\/\/archivosociologiacritica.org\/index.php\/2024\/01\/31\/mario-gaviria-labarta\/\">Extensa recopilaci\u00f3n de vida y obra.<\/a><\/p>\n\n\n\n<p>Entradas relacionadas en el <a href=\"https:\/\/archivosociologiacritica.org\/index.php\/tag\/mario-gaviria\/\">ASC<\/a>.<\/p>\n<\/div><\/div>\n\n\n\n<div class=\"wp-block-media-text is-stacked-on-mobile\" style=\"grid-template-columns:15% auto\"><figure class=\"wp-block-media-text__media\"><img loading=\"lazy\" decoding=\"async\" width=\"273\" height=\"252\" src=\"http:\/\/archivosociologiacritica.org\/wp-content\/uploads\/2024\/10\/ibanez.png\" alt=\"\" class=\"wp-image-334 size-full\"\/><\/figure><div class=\"wp-block-media-text__content\">\n<p><strong>Jes\u00fas Ib\u00e1\u00f1ez<\/strong><\/p>\n\n\n\n<p><a href=\"https:\/\/archivosociologiacritica.org\/index.php\/2024\/02\/15\/jesus-ibanez\/\">Bibliograf\u00eda<\/a>.<\/p>\n\n\n\n<p>Entradas relacionadas en el <a href=\"https:\/\/archivosociologiacritica.org\/index.php\/tag\/jesus-ibanez-2\/\">ASC<\/a>.<\/p>\n<\/div><\/div>\n\n\n\n<div class=\"wp-block-media-text is-stacked-on-mobile\" style=\"grid-template-columns:15% auto\"><figure class=\"wp-block-media-text__media\"><img loading=\"lazy\" decoding=\"async\" width=\"155\" height=\"155\" src=\"http:\/\/archivosociologiacritica.org\/wp-content\/uploads\/2023\/11\/Angel-de-Lucas-e1730290558156.jpg\" alt=\"\" class=\"wp-image-66 size-full\" srcset=\"https:\/\/archivosociologiacritica.org\/wp-content\/uploads\/2023\/11\/Angel-de-Lucas-e1730290558156.jpg 155w, https:\/\/archivosociologiacritica.org\/wp-content\/uploads\/2023\/11\/Angel-de-Lucas-e1730290558156-150x150.jpg 150w\" sizes=\"(max-width: 155px) 100vw, 155px\" \/><\/figure><div class=\"wp-block-media-text__content\">\n<p><strong>\u00c1ngel de Lucas<\/strong><\/p>\n\n\n\n<p>Entrada sobre \u00e9l creada en <a href=\"https:\/\/es.wikipedia.org\/wiki\/%C3%81ngel_de_Lucas\">Wikipedia<\/a>. <\/p>\n\n\n\n<p>Entradas en el <a href=\"https:\/\/archivosociologiacritica.org\/index.php\/tag\/angel-de-lucas\/\">ASC<\/a>.<\/p>\n<\/div><\/div>\n\n\n\n<div class=\"wp-block-media-text is-stacked-on-mobile\" style=\"grid-template-columns:15% auto\"><figure class=\"wp-block-media-text__media\"><img loading=\"lazy\" decoding=\"async\" width=\"200\" height=\"230\" src=\"http:\/\/archivosociologiacritica.org\/wp-content\/uploads\/2024\/10\/Orti-200x300-1.png\" alt=\"\" class=\"wp-image-335 size-full\"\/><\/figure><div class=\"wp-block-media-text__content\">\n<p><strong>Alfonso Ort\u00ed<\/strong><\/p>\n\n\n\n<p>Entrada sobre \u00e9l editada en <a href=\"https:\/\/es.wikipedia.org\/wiki\/Alfonso_Ort%C3%AD\">Wikipedia.<\/a><\/p>\n\n\n\n<p>Entradas con referencia al autor en el <a href=\"https:\/\/archivosociologiacritica.org\/index.php\/tag\/alfonso-orti\/\">ASC<\/a>.<\/p>\n<\/div><\/div>\n\n\n\n<div class=\"wp-block-media-text is-stacked-on-mobile\" style=\"grid-template-columns:15% auto\"><figure class=\"wp-block-media-text__media\"><img loading=\"lazy\" decoding=\"async\" width=\"512\" height=\"512\" src=\"http:\/\/archivosociologiacritica.org\/wp-content\/uploads\/2024\/10\/Araceli-Serrano-2.jpg\" alt=\"\" class=\"wp-image-336 size-full\" srcset=\"https:\/\/archivosociologiacritica.org\/wp-content\/uploads\/2024\/10\/Araceli-Serrano-2.jpg 512w, https:\/\/archivosociologiacritica.org\/wp-content\/uploads\/2024\/10\/Araceli-Serrano-2-300x300.jpg 300w, https:\/\/archivosociologiacritica.org\/wp-content\/uploads\/2024\/10\/Araceli-Serrano-2-150x150.jpg 150w\" sizes=\"(max-width: 512px) 100vw, 512px\" \/><\/figure><div class=\"wp-block-media-text__content\">\n<p><strong>Araceli Serrano<\/strong><\/p>\n\n\n\n<p>Entradas relacionadas en el <a href=\"https:\/\/archivosociologiacritica.org\/index.php\/tag\/araceli-serrano\/\">ASC<\/a>.<\/p>\n<\/div><\/div>\n\n\n\n<div class=\"wp-block-media-text is-stacked-on-mobile\" style=\"grid-template-columns:15% auto\"><figure class=\"wp-block-media-text__media\"><img loading=\"lazy\" decoding=\"async\" width=\"1024\" height=\"937\" src=\"http:\/\/archivosociologiacritica.org\/wp-content\/uploads\/2024\/10\/Captura-de-pantalla-2024-10-30-a-las-13.19.22-1-1024x937.png\" alt=\"\" class=\"wp-image-318 size-full\" srcset=\"https:\/\/archivosociologiacritica.org\/wp-content\/uploads\/2024\/10\/Captura-de-pantalla-2024-10-30-a-las-13.19.22-1-1024x937.png 1024w, https:\/\/archivosociologiacritica.org\/wp-content\/uploads\/2024\/10\/Captura-de-pantalla-2024-10-30-a-las-13.19.22-1-300x274.png 300w, https:\/\/archivosociologiacritica.org\/wp-content\/uploads\/2024\/10\/Captura-de-pantalla-2024-10-30-a-las-13.19.22-1-768x703.png 768w, https:\/\/archivosociologiacritica.org\/wp-content\/uploads\/2024\/10\/Captura-de-pantalla-2024-10-30-a-las-13.19.22-1-1536x1405.png 1536w, https:\/\/archivosociologiacritica.org\/wp-content\/uploads\/2024\/10\/Captura-de-pantalla-2024-10-30-a-las-13.19.22-1-1320x1208.png 1320w, https:\/\/archivosociologiacritica.org\/wp-content\/uploads\/2024\/10\/Captura-de-pantalla-2024-10-30-a-las-13.19.22-1.png 1740w\" sizes=\"(max-width: 1024px) 100vw, 1024px\" \/><\/figure><div class=\"wp-block-media-text__content\">\n<p><strong>Jos\u00e9 Luis de Z\u00e1rraga<\/strong><\/p>\n\n\n\n<p>Entradas relacionadas en el <a href=\"https:\/\/archivosociologiacritica.org\/index.php\/tag\/zarraga\/\">ASC<\/a>.<\/p>\n<\/div><\/div>\n\n\n\n<div class=\"wp-block-media-text is-stacked-on-mobile\" style=\"grid-template-columns:15% auto\"><figure class=\"wp-block-media-text__media\"><img loading=\"lazy\" decoding=\"async\" width=\"422\" height=\"514\" src=\"http:\/\/archivosociologiacritica.org\/wp-content\/uploads\/2024\/10\/1702233749270-copia.jpeg\" alt=\"\" class=\"wp-image-339 size-full\" srcset=\"https:\/\/archivosociologiacritica.org\/wp-content\/uploads\/2024\/10\/1702233749270-copia.jpeg 422w, https:\/\/archivosociologiacritica.org\/wp-content\/uploads\/2024\/10\/1702233749270-copia-246x300.jpeg 246w\" sizes=\"(max-width: 422px) 100vw, 422px\" \/><\/figure><div class=\"wp-block-media-text__content\">\n<p><strong>\u00c1ngel Zurdo<\/strong><\/p>\n\n\n\n<p>Entradas relacionadas en el <a href=\"https:\/\/archivosociologiacritica.org\/index.php\/tag\/angel-zurdo\/\">ASC<\/a>.<\/p>\n<\/div><\/div>\n\n\n\n<p><\/p>\n","protected":false},"excerpt":{"rendered":"<p>A continuaci\u00f3n recogemos algunos\/as autores\/as (por orden alfab\u00e9tico de apellido) sobre los que hay contenidos espec\u00edficos en el Archivo de Sociolog\u00eda Cr\u00edtica (ASC). Iremos ampliando este listado con [&hellip;]<\/p>\n","protected":false},"author":1,"featured_media":0,"parent":0,"menu_order":0,"comment_status":"closed","ping_status":"closed","template":"","meta":{"_acf_changed":false,"iawp_total_views":284,"footnotes":""},"class_list":["post-200","page","type-page","status-publish","hentry"],"acf":[],"_links":{"self":[{"href":"https:\/\/archivosociologiacritica.org\/index.php\/wp-json\/wp\/v2\/pages\/200","targetHints":{"allow":["GET"]}}],"collection":[{"href":"https:\/\/archivosociologiacritica.org\/index.php\/wp-json\/wp\/v2\/pages"}],"about":[{"href":"https:\/\/archivosociologiacritica.org\/index.php\/wp-json\/wp\/v2\/types\/page"}],"author":[{"embeddable":true,"href":"https:\/\/archivosociologiacritica.org\/index.php\/wp-json\/wp\/v2\/users\/1"}],"replies":[{"embeddable":true,"href":"https:\/\/archivosociologiacritica.org\/index.php\/wp-json\/wp\/v2\/comments?post=200"}],"version-history":[{"count":13,"href":"https:\/\/archivosociologiacritica.org\/index.php\/wp-json\/wp\/v2\/pages\/200\/revisions"}],"predecessor-version":[{"id":342,"href":"https:\/\/archivosociologiacritica.org\/index.php\/wp-json\/wp\/v2\/pages\/200\/revisions\/342"}],"wp:attachment":[{"href":"https:\/\/archivosociologiacritica.org\/index.php\/wp-json\/wp\/v2\/media?parent=200"}],"curies":[{"name":"wp","href":"https:\/\/api.w.org\/{rel}","templated":true}]}}